{"version":"1.0","provider_name":"Belga L\u00edra","provider_url":"https:\/\/belgalira.cafeblog.hu","author_name":"Belga L\u00edra","author_url":"https:\/\/belgalira.cafeblog.hu\/author\/belga_lira-2\/","title":"Te vagy...","html":"<span style=\"font-size: 14px\"><span style=\"font-family: Verdana\">\u00c1lmaim hercege - Te vagy!<\/span><\/span>\r\n\r\n<span style=\"font-size: 14px;font-family: Verdana\">A vissza visszat\u00e9r\u0151 - Te vagy!<\/span>\r\n\r\n<span style=\"font-size: 14px;font-family: Verdana\">A mindig meg\u00fajul\u00f3 - Te vagy!<\/span>\r\n\r\n<span style=\"font-size: 14px;font-family: Verdana\">A megmagyar\u00e1zhatatlan - Te vagy!<\/span>\r\n\r\n<span style=\"font-size: 14px;font-family: Verdana\">Az \u00edg\u00e9ret f\u00f6ldje - Te vagy!<\/span>\r\n\r\n<span style=\"font-size: 14px;font-family: Verdana\">A csod\u00e1lat maga - Te vagy!<\/span>\r\n\r\n<span style=\"font-size: 14px;font-family: Verdana\">A tehets\u00e9g maga - Te vagy!<\/span>\r\n\r\n<span style=\"font-size: 14px;font-family: Verdana\">Zabol\u00e1zd meg feh\u00e9r lovadat.<\/span>\r\n\r\n<span style=\"font-size: 14px;font-family: Verdana\">Jer h\u00e1t.<\/span>","type":"rich"}