{"version":"1.0","provider_name":"Belga L\u00edra","provider_url":"https:\/\/belgalira.cafeblog.hu","author_name":"Belga L\u00edra","author_url":"https:\/\/belgalira.cafeblog.hu\/author\/belga_lira-2\/","title":"\u0150szi zombi","html":"<span style=\"font-family: Verdana\"><span style=\"font-size: 14px\">V\u00e9ge a ny\u00e1rnak - nem is volt,<\/span><\/span>\r\n\r\n<span style=\"font-family: Verdana;font-size: 14px\">kertem nem is \u00e9l m\u00e1r, f\u00e9lig holt.<\/span>\r\n\r\n<span style=\"font-family: Verdana;font-size: 14px\">Nem volt se gy\u00fcm\u00f6lcs, se term\u00e9s,<\/span>\r\n\r\n<span style=\"font-size: 14px;font-family: Verdana\">a lombot gerebly\u00e9zi a kert\u00e9sz.<\/span>\r\n\r\n<span style=\"font-size: 14px;font-family: Verdana\">Siv\u00e1r a lelkem is.<\/span>\r\n\r\n<span style=\"font-size: 14px;font-family: Verdana\">Kih\u0171lt a l\u00e1ng.<\/span>\r\n\r\n<span style=\"font-size: 14px;font-family: Verdana\">Sz\u00edvem sajogva \u00e9gbe ki\u00e1lt.<\/span>\r\n\r\n<span style=\"font-size: 14px;font-family: Verdana\">M\u00e9g nem lehet hogy v\u00e9ge?!<\/span>\r\n\r\n<span style=\"font-size: 14px;font-family: Verdana\">Az nem lehet hogy ennyi volt?!<\/span>\r\n\r\n<span style=\"font-size: 14px;font-family: Verdana\">Nem vagyok sem \u00e9l\u0151, nem vagyok se holt.<\/span>\r\n\r\n<span style=\"font-size: 14px;font-family: Verdana\">Keresem, kutatom az okot,<\/span>\r\n\r\n<span style=\"font-size: 14px;font-family: Verdana\">mi engem oly gyorsan lap\u00e1tra dobott.<\/span>\r\n\r\n<span style=\"font-size: 14px;font-family: Verdana\">Elm\u00falt ez is, mint ez a ny\u00e1r,<\/span>\r\n\r\n<span style=\"font-size: 14px;font-family: Verdana\">hossz\u00fa t\u00e9l j\u00f6n,<\/span>\r\n\r\n<span style=\"font-size: 14px;font-family: Verdana\">ap\u00e1ly-dag\u00e1ly.<\/span>","type":"rich"}