{"version":"1.0","provider_name":"Belga L\u00edra","provider_url":"https:\/\/belgalira.cafeblog.hu","author_name":"Belga L\u00edra","author_url":"https:\/\/belgalira.cafeblog.hu\/author\/belga_lira-2\/","title":"Neurol\u00f3gia","html":"<span style=\"font-family: Verdana\"><span style=\"font-size: 14px\">Angyalok \u00fczent\u00e9k, s\u00fagt\u00e1k<\/span><\/span>\r\n\r\n<span style=\"font-family: Verdana;font-size: 14px\">f\u00fclembe nev\u00e9t.<\/span>\r\n\r\n<span style=\"font-family: Verdana;font-size: 14px\">Tudtam csakis \u0151 lehet.<\/span>\r\n\r\n<span style=\"font-family: Verdana;font-size: 14px\">K\u00e9ts\u00e9g nem f\u00e9r hozz\u00e1.<\/span>\r\n\r\n<span style=\"font-family: Verdana;font-size: 14px\">\u0150 majd elvezet<\/span>\r\n\r\n<span style=\"font-family: Verdana;font-size: 14px\">az olt\u00e1rhoz,<\/span>\r\n\r\n<span style=\"font-family: Verdana;font-size: 14px\">vele egy leszek.<\/span>\r\n\r\n<span style=\"font-family: Verdana;font-size: 14px\">Remeg\u0151 kezekkel<\/span>\r\n\r\n<span style=\"font-family: Verdana;font-size: 14px\">k\u00e9t kis \u00f6reg s\u00e9t\u00e1l <\/span>\r\n\r\n<span style=\"font-family: Verdana;font-size: 14px\">a hegy megett.<\/span>\r\n\r\n<span style=\"font-family: Verdana;font-size: 14px\">\u00c9lt bennem a k\u00e9p,<\/span>\r\n\r\n<span style=\"font-family: Verdana;font-size: 14px\">majd szertefoszlott.<\/span>\r\n\r\n<span style=\"font-family: Verdana;font-size: 14px\">Mint f\u00f6ldben a test,<\/span>\r\n\r\n<span style=\"font-family: Verdana;font-size: 14px\">a v\u00e1gy eloszlott.<\/span>\r\n\r\n<span style=\"font-family: Verdana;font-size: 14px\">\u00c9rtetlen\u00fcl \u00e1llok<\/span>\r\n\r\n<span style=\"font-family: Verdana;font-size: 14px\">az eset el\u0151tt,<\/span>\r\n\r\n<span style=\"font-family: Verdana;font-size: 14px\">s felh\u00edvom a f\u00fcl-orr-g\u00e9g\u00e9sz szakorvost, Jen\u0151t.<\/span>\r\n\r\n<span style=\"font-family: Verdana;font-size: 14px\">Hall\u00e1svizsg\u00e1latra el\u0151jegyez,<\/span>\r\n\r\n<span style=\"font-family: Verdana;font-size: 14px\">majd hozz\u00e1teszi: Angyalokkal besz\u00e9lgetni?\r\n<\/span>\r\n\r\n<span style=\"font-family: Verdana;font-size: 14px\">H\u00e1t k\u00e9rem, hogy van ez?!<\/span>\r\n\r\n<span style=\"font-family: Verdana;font-size: 14px\">Beutal\u00f3t ad az ideggy\u00f3gy\u00e1szatra,<\/span>\r\n\r\n<span style=\"font-family: Verdana;font-size: 14px\">nesze neked \u00c1mor, meg a teljes banda!<\/span>\r\n\r\n<span style=\"font-family: Verdana;font-size: 14px\">Kij\u00f3zan\u00edtani m\u00e1shogy nem lehet? <\/span>\r\n\r\n<span style=\"font-family: Verdana;font-size: 14px\">Mi\u00e9rt kell hozz\u00e1 az a rengeteg lelet?!<\/span>\r\n\r\n<span style=\"font-family: Verdana;font-size: 14px\">Ennek ellen\u00e9re b\u00e1tran v\u00e1llalom,<\/span>\r\n\r\n<span style=\"font-family: Verdana;font-size: 14px\">az \u00e1ll\u00e1spontom nem v\u00e1ltoztatom!<\/span>\r\n\r\n<span style=\"font-family: Verdana;font-size: 14px\">Szil\u00e1rd a hitem, mint a k\u0151 kem\u00e9ny!<\/span>\r\n\r\n<span style=\"font-family: Verdana;font-size: 14px\">Meglelem egykor ki igaz\u00e1n eny\u00e9m!<\/span>","type":"rich"}